{"id":46,"date":"2017-09-23T22:28:17","date_gmt":"2017-09-23T20:28:17","guid":{"rendered":"http:\/\/dire-nous.be\/?page_id=46"},"modified":"2021-03-18T16:12:24","modified_gmt":"2021-03-18T15:12:24","slug":"artistes","status":"publish","type":"page","link":"https:\/\/dire-nous.be\/index.php\/artistes\/","title":{"rendered":"Artistes"},"content":{"rendered":"<p>&nbsp;<\/p>\n<p>&nbsp;<\/p>\n<p>QUI SONT LES ARTISTES ?<\/p>\n<p style=\"text-align: center;\"><strong>Jo Iyaa<\/strong> : Bulgarie<br \/>\n<strong>Julien Delmelen<\/strong> : Jehanster\/Belgique<br \/>\n<strong>Natasa Konjevic<\/strong> : Bosnie Herz\u00e9govine<br \/>\n<strong>Davor Mulalic<\/strong> : Bosnie Herz\u00e9govine<br \/>\n<strong>JoseCarvalho<\/strong> : Portugal<br \/>\n<strong>Fran\u00e7oise Martin<\/strong>: Verviers\/Belgique<\/p>\n<p style=\"text-align: center;\">&nbsp;<\/p>\n<p style=\"text-align: left;\"><strong>Pr\u00e9sentation de Polina Stoyanova (Jo Iyaa)<\/strong><\/p>\n<p style=\"text-align: justify;\">Je suis un artiste visuelle<br \/>\nde Sofia en Bulgarie J\u2019aime tout ce qui est visuel et c\u2019est mon moyen d\u2019expression pr\u00e9f\u00e9r\u00e9.<br \/>\nProfessionnellement, je travaille en tant que designer graphique, illustratrice, artiste multim\u00e9dia et r\u00e9alisatrice de films d\u2019animation.<\/p>\n<p style=\"text-align: justify;\"><strong>Privil\u00e8ges :<\/strong><br \/>\n<a href=\"http:\/\/joiyaa.blogspot.be\/\">http:\/\/joiyaa.blogspot.com\/<\/a><\/p>\n<p><a href=\"https:\/\/www.facebook.com\/Joiyaa\">https:\/\/www.facebook.com\/Joiyaa<\/a><\/p>\n<p style=\"text-align: justify;\"><img loading=\"lazy\" decoding=\"async\" class=\"wp-image-69 aligncenter\" src=\"http:\/\/dire-nous.be\/wp-content\/uploads\/2017\/09\/Wolf-2-300x200.jpg\" alt=\"\" width=\"617\" height=\"412\" srcset=\"https:\/\/dire-nous.be\/wp-content\/uploads\/2017\/09\/Wolf-2-300x200.jpg 300w, https:\/\/dire-nous.be\/wp-content\/uploads\/2017\/09\/Wolf-2-768x512.jpg 768w, https:\/\/dire-nous.be\/wp-content\/uploads\/2017\/09\/Wolf-2-1024x682.jpg 1024w, https:\/\/dire-nous.be\/wp-content\/uploads\/2017\/09\/Wolf-2-1200x800.jpg 1200w, https:\/\/dire-nous.be\/wp-content\/uploads\/2017\/09\/Wolf-2.jpg 1600w\" sizes=\"(max-width: 617px) 85vw, 617px\" \/><\/p>\n<p style=\"text-align: center;\">(<em>Image utilis\u00e9e pour illustrer l\u2019univers de l\u2019artiste<\/em>)<\/p>\n<p style=\"text-align: justify;\"><strong>Pr\u00e9sentation: Jos\u00e9 Carvalho :<\/strong><\/p>\n<p style=\"text-align: justify;\">Un artiste qui cherche la couleur et ses contradictions<\/p>\n<p style=\"text-align: justify;\">Biographie<br \/>\n: Jos\u00e9 Carvalho Alias OzeArv est un artiste plastique \u00e0 la recherche d\u2019espace, de couleur et de mouvement. Son espace cr\u00e9atif se situe entre la rue et son studio<\/p>\n<p style=\"text-align: justify;\">Repr\u00e9sentations, id\u00e9alisation des gens et des personnages, appropriation de photographies en noir et blanc, vandalis\u00e9es par l\u2019utilisation quotidienne de la peinture et canap\u00e9s de couleur, qui sous-tend la n\u00e9cessit\u00e9 de combler le vide qui existe dans la vie de tous les jours.<\/p>\n<p style=\"text-align: justify;\">Peintures et murs marqu\u00e9s par l\u2019art de la rue, met en avant le travail de l\u2019artiste<\/p>\n<p style=\"text-align: justify;\"><strong>Privil\u00e8ges :<\/strong><br \/>\n<a href=\"http:\/\/cargocollective.com\/OzeArv\">http:\/\/www.ozearv.com\/<\/a><br \/>\n<a href=\"https:\/\/www.instagram.com\/ozearv\/\">https:\/\/www.instagram.com\/ozearv\/<\/a><br \/>\n<a href=\"https:\/\/www.facebook.com\/OzeArv\/\">https:\/\/www.facebook.com\/OzeArv\/e<\/a><\/p>\n<p style=\"text-align: justify;\"><img loading=\"lazy\" decoding=\"async\" class=\"wp-image-70 aligncenter\" src=\"http:\/\/dire-nous.be\/wp-content\/uploads\/2017\/09\/2OzearvBR2015_670-300x200.jpg\" alt=\"\" width=\"617\" height=\"411\" srcset=\"https:\/\/dire-nous.be\/wp-content\/uploads\/2017\/09\/2OzearvBR2015_670-300x200.jpg 300w, https:\/\/dire-nous.be\/wp-content\/uploads\/2017\/09\/2OzearvBR2015_670.jpg 670w\" sizes=\"(max-width: 617px) 85vw, 617px\" \/><\/p>\n<p style=\"text-align: center;\">(<em>Image utilis\u00e9e pour illustrer l\u2019univers de l\u2019artiste<\/em>)<\/p>\n<p style=\"text-align: justify;\"><strong>Pr\u00e9sentation de Natasa Konjevic :<\/strong><\/p>\n<p style=\"text-align: justify;\">Natasa Konjevic est n\u00e9e en 1989 \u00e0 Banja Luka en Bosnie-Herz\u00e9govine.<br \/>\nElle est dipl\u00f4m\u00e9e de l\u2019Acad\u00e9mie des Beaux-Arts de Banja Luka (2012).<\/p>\n<p style=\"text-align: justify;\">Depuis, elle r\u00e9alise des illustrations murales et enseigne la peinture dans une association locale (\u00ab&nbsp;Zdravo da ste&nbsp;\u00bb). Elle a d\u00e9j\u00e0 r\u00e9alis\u00e9 6 expositions solo, un pr\u00e9sent\u00e9 ses \u0153uvres dans plus de 30 galeries et gagn\u00e9 plusieurs prix et r\u00e9compenses pour son travail.<\/p>\n<p style=\"text-align: justify;\"><strong>Privil\u00e8ges :<\/strong><br \/>\n<a href=\"https:\/\/www.facebook.com\/natasakonjevicillustration\/\">https:\/\/www.facebook.com\/natasakonjevicillustration\/<\/a><br \/>\n<a href=\"https:\/\/www.behance.net\/Feicka\">https:\/\/www.behance.net\/Feicka<\/a><\/p>\n<p style=\"text-align: justify;\"><img loading=\"lazy\" decoding=\"async\" class=\"wp-image-71 aligncenter\" src=\"http:\/\/dire-nous.be\/wp-content\/uploads\/2017\/09\/13584699_1720763851523842_5476872760847847904_o-245x300.jpg\" alt=\"\" width=\"410\" height=\"502\" srcset=\"https:\/\/dire-nous.be\/wp-content\/uploads\/2017\/09\/13584699_1720763851523842_5476872760847847904_o-245x300.jpg 245w, https:\/\/dire-nous.be\/wp-content\/uploads\/2017\/09\/13584699_1720763851523842_5476872760847847904_o-768x939.jpg 768w, https:\/\/dire-nous.be\/wp-content\/uploads\/2017\/09\/13584699_1720763851523842_5476872760847847904_o.jpg 785w\" sizes=\"(max-width: 410px) 85vw, 410px\" \/><\/p>\n<p style=\"text-align: center;\">(<em>Image utilis\u00e9e pour illustrer l\u2019univers de l\u2019artiste<\/em>)<\/p>\n<p style=\"text-align: justify;\"><strong>Pr\u00e9sentation de Davor Mulalic:<\/strong><\/p>\n<p style=\"text-align: justify;\">Cr\u00e9ation de logos, de mat\u00e9riel de promotion et d\u00e9coration int\u00e9rieure.<\/p>\n<p style=\"text-align: justify;\">Biographie<br \/>\nIl est dipl\u00f4m\u00e9 de l\u2019Acad\u00e9mie des Beaux-Arts de Banja Luka (2013).<\/p>\n<p style=\"text-align: justify;\">Informations personnelles<br \/>\nDavor Mulalic est n\u00e9 en 1990 \u00e0 Novi Grad en Bosnie-Herz\u00e9govine<\/p>\n<p style=\"text-align: justify;\">Lien<br \/>\n:<a href=\"https:\/\/www.facebook.com\/1043697772378535\/videos\/106554947019336\">https:\/\/www.facebook.com\/1043697772378535\/videos\/106554947019336<\/a><\/p>\n<p style=\"text-align: justify;\">&nbsp;<\/p>\n<p><img loading=\"lazy\" decoding=\"async\" class=\"wp-image-384 aligncenter\" src=\"http:\/\/dire-nous.be\/wp-content\/uploads\/2017\/09\/davor-212x300.jpg\" alt=\"\" width=\"311\" height=\"440\" srcset=\"https:\/\/dire-nous.be\/wp-content\/uploads\/2017\/09\/davor-212x300.jpg 212w, https:\/\/dire-nous.be\/wp-content\/uploads\/2017\/09\/davor.jpg 678w\" sizes=\"(max-width: 311px) 85vw, 311px\" \/><\/p>\n<p style=\"text-align: center;\">(<em>Image utilis\u00e9e pour illustrer l\u2019univers de l\u2019artiste<\/em>)<\/p>\n<p style=\"text-align: justify;\"><strong>Pr\u00e9sentation de Julien Delmelen :<\/strong><\/p>\n<p style=\"text-align: justify;\">Passionn\u00e9 d\u2019arts visuels, j\u2019ai d\u00e9cid\u00e9 d\u2019\u00e9tudier le graphisme \u00e0 l\u2019\u00c9cole Sup\u00e9rieure&nbsp;des Arts Saint-Luc Li\u00e8ge. Apr\u00e8s l\u2019obtention avec distinction de mon dipl\u00f4me, j\u2019ai&nbsp;suivi une formation en web design au Centre Corail (CEPEGRA).<\/p>\n<p style=\"text-align: justify;\">La r\u00e9alisation de deux \u00e9tapes en entreprise chez Impact Diffusion et chez Doubleffect m\u2019ont permis d\u2019acqu\u00e9rir de l\u2019exp\u00e9rience. J\u2019ai aussi eu l\u2019occasion de travailler comme graphiste freelance pour ces entreprises et en tant que web designer freelance pour Globule Bleu.<\/p>\n<p style=\"text-align: justify;\"><strong>Privil\u00e8ges :<\/strong><br \/>\nhttp:\/\/www.juliendemelenne.com\/<br \/>\nhttps:\/\/www.facebook.com\/juliendmlnn\/<\/p>\n<p style=\"text-align: justify;\">&nbsp;<\/p>\n<p><img loading=\"lazy\" decoding=\"async\" class=\"size-medium wp-image-385 aligncenter\" src=\"http:\/\/dire-nous.be\/wp-content\/uploads\/2017\/09\/julien-300x300.jpg\" alt=\"\" width=\"300\" height=\"300\" srcset=\"https:\/\/dire-nous.be\/wp-content\/uploads\/2017\/09\/julien-300x300.jpg 300w, https:\/\/dire-nous.be\/wp-content\/uploads\/2017\/09\/julien-150x150.jpg 150w, https:\/\/dire-nous.be\/wp-content\/uploads\/2017\/09\/julien-768x768.jpg 768w, https:\/\/dire-nous.be\/wp-content\/uploads\/2017\/09\/julien.jpg 960w\" sizes=\"(max-width: 300px) 85vw, 300px\" \/><\/p>\n<p style=\"text-align: center;\">(<em>Image utilis\u00e9e pour illustrer l\u2019univers de l\u2019artiste<\/em>)<\/p>\n<p><strong>Pr\u00e9sentation de Fran\u00e7oise Martin<\/strong><\/p>\n<p style=\"text-align: justify;\">Franc\u0327oise Martin ne vit pas dans le me\u0302me monde que tout un chacun. Elle cre\u0301e les siens au gre\u0301 de ses humeurs, les habite et revient parfois colorer le no\u0302tre. Ses mondes foisonnants sont complexes et originaux, tout en formant un univers cohe\u0301rent repre\u0301sentant parfaitement sa personnalite\u0301. La flore omnipre\u0301sente peut e\u0302tre d\u2019une grande finesse ou parfois nai\u0308ve, mais toujours en mouvement. Les feuilles et les fleurs souvent dote\u0301es d\u2019un regard, d\u2019une personnalite\u0301, semblent vous inviter a\u0300 les rejoindre et a\u0300 danser avec elles. Ses tableaux sont des fene\u0302tres: ils apportent la lumie\u0300re et on voit la vie a\u0300 travers eux. Elle transfuse beaucoup d\u2019e\u0301nergie dans chaque tableau et c\u2019est ce qui fait leur e\u0301clat (Maxime Regnier).<\/p>\n<p>&nbsp;<\/p>\n<p><strong>Edwy Plenel:&nbsp;<\/strong><\/p>\n<p style=\"text-align: justify;\">\u00ab Il est temps de dire nous.<\/p>\n<p style=\"text-align: justify;\">Ce nous qui rassure par ses audaces, ce nous qui cr\u00e9e de la confiance en&nbsp;risquant son bonheur.<\/p>\n<p style=\"text-align: justify;\">Dire nous pour partir en qu\u00eate d\u2019un horizon des possibles en faisant chemin tous&nbsp;ensemble, dans le souci des plus fragiles et des moins prot\u00e9g\u00e9s, des moins&nbsp;habiles et des plus exploit\u00e9s.<\/p>\n<p style=\"text-align: justify;\">Dire nous pour inventer un nouvel imaginaire qui nous \u00e9l\u00e8ve et nous rel\u00e8ve, en&nbsp;nous extirpant du mar\u00e9cage o\u00f9 mac\u00e8rent nos divisions, nos ranc\u0153urs, nos&nbsp;ressentiments.<\/p>\n<p style=\"text-align: justify;\">Dire nous pour cesser de dire eux contre nous, nous contre eux, notre nous&nbsp;contre le leur, dans une guerre sans fin dont nous serons tous les victimes, nous&nbsp;comme eux.<\/p>\n<p style=\"text-align: justify;\">Dire nous pour r\u00e9ussir \u00e0 \u00e9chapper aux fatalit\u00e9s du pr\u00e9sent par la subversion de&nbsp;l\u2019ordinaire et du quotidien, en l\u2019enchantant par la beaut\u00e9 et la bont\u00e9, contre la&nbsp;laideur et la m\u00e9chancet\u00e9.<\/p>\n<p style=\"text-align: justify;\">Dire nous avec cette certitude que la politique, comme bien commun, est<br \/>\nd\u2019abord une po\u00e9sie, une po\u00e9tique o\u00f9 l\u2019esp\u00e9rance retrouve l\u2019\u00e9nergie qui lui<br \/>\nmanquait, comme un souffle lib\u00e9rateur.<\/p>\n<p style=\"text-align: justify;\">Dire nous, donc, pour inventer tous ensemble le oui qui nous manque, celui d\u2019un&nbsp;peuple r\u00e9uni dans sa diversit\u00e9 et sa pluralit\u00e9 autour de l\u2019urgence de l\u2019essentiel :&nbsp;la dignit\u00e9 de l\u2019Homme, le souci du Monde, la survie de la Terre. \u00bb 1<\/p>\n<ol>\n<li style=\"text-align: justify;\">PLENEL Edwy, Dire nous. Contre les peurs et les haines, nos causes communes, Paris, Don Quichotte, 2016, 204 p.<\/li>\n<\/ol>\n<p>&nbsp;<\/p>\n<p>&nbsp;<\/p>\n<p>&nbsp;<\/p>\n","protected":false},"excerpt":{"rendered":"<p>&nbsp; &nbsp; QUI SONT LES ARTISTES ? Jo Iyaa : Bulgarie Julien Delmelen : Jehanster\/Belgique Natasa Konjevic : Bosnie Herz\u00e9govine Davor Mulalic : Bosnie Herz\u00e9govine JoseCarvalho : Portugal Fran\u00e7oise Martin: Verviers\/Belgique &nbsp; Pr\u00e9sentation de Polina Stoyanova (Jo Iyaa) Je suis un artiste visuelle de Sofia en Bulgarie J\u2019aime tout ce qui est visuel et c\u2019est &hellip; <a href=\"https:\/\/dire-nous.be\/index.php\/artistes\/\" class=\"more-link\">Continuer la lecture<span class=\"screen-reader-text\"> de &laquo;&nbsp;Artistes&nbsp;&raquo;<\/span><\/a><\/p>\n","protected":false},"author":1,"featured_media":0,"parent":0,"menu_order":0,"comment_status":"closed","ping_status":"closed","template":"","meta":{"ngg_post_thumbnail":0,"footnotes":""},"_links":{"self":[{"href":"https:\/\/dire-nous.be\/index.php\/wp-json\/wp\/v2\/pages\/46"}],"collection":[{"href":"https:\/\/dire-nous.be\/index.php\/wp-json\/wp\/v2\/pages"}],"about":[{"href":"https:\/\/dire-nous.be\/index.php\/wp-json\/wp\/v2\/types\/page"}],"author":[{"embeddable":true,"href":"https:\/\/dire-nous.be\/index.php\/wp-json\/wp\/v2\/users\/1"}],"replies":[{"embeddable":true,"href":"https:\/\/dire-nous.be\/index.php\/wp-json\/wp\/v2\/comments?post=46"}],"version-history":[{"count":12,"href":"https:\/\/dire-nous.be\/index.php\/wp-json\/wp\/v2\/pages\/46\/revisions"}],"predecessor-version":[{"id":497,"href":"https:\/\/dire-nous.be\/index.php\/wp-json\/wp\/v2\/pages\/46\/revisions\/497"}],"wp:attachment":[{"href":"https:\/\/dire-nous.be\/index.php\/wp-json\/wp\/v2\/media?parent=46"}],"curies":[{"name":"wp","href":"https:\/\/api.w.org\/{rel}","templated":true}]}}